{"id":23597,"date":"2024-12-18T15:26:27","date_gmt":"2024-12-18T15:26:27","guid":{"rendered":"https:\/\/rhinoequipment.us\/?page_id=23597"},"modified":"2025-06-05T19:53:28","modified_gmt":"2025-06-05T19:53:28","slug":"javier-cardenas","status":"publish","type":"page","link":"https:\/\/rhinoequipment.us\/pt\/javier-cardenas\/","title":{"rendered":"Javier C\u00e1rdenas"},"content":{"rendered":"<div data-elementor-type=\"wp-page\" data-elementor-id=\"23597\" class=\"elementor elementor-23597\" data-elementor-post-type=\"page\">\n\t\t\t\t\t\t<section class=\"elementor-section elementor-top-section elementor-element elementor-element-4ca43bd elementor-section-boxed elementor-section-height-default elementor-section-height-default\" data-id=\"4ca43bd\" data-element_type=\"section\" data-e-type=\"section\" data-settings=\"{&quot;background_background&quot;:&quot;classic&quot;}\">\n\t\t\t\t\t\t<div class=\"elementor-container elementor-column-gap-default\">\n\t\t\t\t\t<div class=\"elementor-column elementor-col-100 elementor-top-column elementor-element elementor-element-6887a91\" data-id=\"6887a91\" data-element_type=\"column\" data-e-type=\"column\">\n\t\t\t<div class=\"elementor-widget-wrap elementor-element-populated\">\n\t\t\t\t\t\t<div class=\"elementor-element elementor-element-84aace0 elementor-widget elementor-widget-spacer\" data-id=\"84aace0\" data-element_type=\"widget\" data-e-type=\"widget\" data-widget_type=\"spacer.default\">\n\t\t\t\t<div class=\"elementor-widget-container\">\n\t\t\t\t\t\t\t<div class=\"elementor-spacer\">\n\t\t\t<div class=\"elementor-spacer-inner\"><\/div>\n\t\t<\/div>\n\t\t\t\t\t\t<\/div>\n\t\t\t\t<\/div>\n\t\t\t\t\t<\/div>\n\t\t<\/div>\n\t\t\t\t\t<\/div>\n\t\t<\/section>\n\t\t\t\t<section class=\"elementor-section elementor-top-section elementor-element elementor-element-dbfb2f9 elementor-section-boxed elementor-section-height-default elementor-section-height-default\" data-id=\"dbfb2f9\" data-element_type=\"section\" data-e-type=\"section\" data-settings=\"{&quot;background_background&quot;:&quot;classic&quot;}\">\n\t\t\t\t\t\t<div class=\"elementor-container elementor-column-gap-default\">\n\t\t\t\t\t<div class=\"elementor-column elementor-col-100 elementor-top-column elementor-element elementor-element-87d7685\" data-id=\"87d7685\" data-element_type=\"column\" data-e-type=\"column\" data-settings=\"{&quot;background_background&quot;:&quot;classic&quot;}\">\n\t\t\t<div class=\"elementor-widget-wrap elementor-element-populated\">\n\t\t\t\t\t\t<div class=\"elementor-element elementor-element-2030a1d elementor-widget elementor-widget-image\" data-id=\"2030a1d\" data-element_type=\"widget\" data-e-type=\"widget\" data-widget_type=\"image.default\">\n\t\t\t\t<div class=\"elementor-widget-container\">\n\t\t\t\t\t\t\t\t\t\t\t\t\t\t\t<img fetchpriority=\"high\" decoding=\"async\" width=\"2000\" height=\"723\" src=\"https:\/\/rhinoequipment.us\/wp-content\/uploads\/2025\/04\/Javier_01-e1746461387122.jpg\" class=\"attachment-full size-full wp-image-25479\" alt=\"\" srcset=\"https:\/\/rhinoequipment.us\/wp-content\/uploads\/2025\/04\/Javier_01-e1746461387122.jpg 2000w, https:\/\/rhinoequipment.us\/wp-content\/uploads\/2025\/04\/Javier_01-e1746461387122-300x108.jpg 300w, https:\/\/rhinoequipment.us\/wp-content\/uploads\/2025\/04\/Javier_01-e1746461387122-1024x370.jpg 1024w, https:\/\/rhinoequipment.us\/wp-content\/uploads\/2025\/04\/Javier_01-e1746461387122-768x278.jpg 768w, https:\/\/rhinoequipment.us\/wp-content\/uploads\/2025\/04\/Javier_01-e1746461387122-1536x555.jpg 1536w, https:\/\/rhinoequipment.us\/wp-content\/uploads\/2025\/04\/Javier_01-e1746461387122-18x7.jpg 18w\" sizes=\"(max-width: 2000px) 100vw, 2000px\" \/>\t\t\t\t\t\t\t\t\t\t\t\t\t\t\t<\/div>\n\t\t\t\t<\/div>\n\t\t\t\t\t<\/div>\n\t\t<\/div>\n\t\t\t\t\t<\/div>\n\t\t<\/section>\n\t\t\t\t<section class=\"elementor-section elementor-top-section elementor-element elementor-element-6e4a902 elementor-section-boxed elementor-section-height-default elementor-section-height-default\" data-id=\"6e4a902\" data-element_type=\"section\" data-e-type=\"section\" data-settings=\"{&quot;background_background&quot;:&quot;classic&quot;}\">\n\t\t\t\t\t\t<div class=\"elementor-container elementor-column-gap-default\">\n\t\t\t\t\t<div class=\"elementor-column elementor-col-100 elementor-top-column elementor-element elementor-element-2deb00b\" data-id=\"2deb00b\" data-element_type=\"column\" data-e-type=\"column\" data-settings=\"{&quot;background_background&quot;:&quot;classic&quot;}\">\n\t\t\t<div class=\"elementor-widget-wrap elementor-element-populated\">\n\t\t\t\t\t\t<div class=\"elementor-element elementor-element-9a728fb elementor-widget elementor-widget-heading\" data-id=\"9a728fb\" data-element_type=\"widget\" data-e-type=\"widget\" data-widget_type=\"heading.default\">\n\t\t\t\t<div class=\"elementor-widget-container\">\n\t\t\t\t\t<h2 class=\"elementor-heading-title elementor-size-default\">Javier C\u00e1rdenas<\/h2>\t\t\t\t<\/div>\n\t\t\t\t<\/div>\n\t\t\t\t<div class=\"elementor-element elementor-element-0afa777 elementor-widget elementor-widget-heading\" data-id=\"0afa777\" data-element_type=\"widget\" data-e-type=\"widget\" data-widget_type=\"heading.default\">\n\t\t\t\t<div class=\"elementor-widget-container\">\n\t\t\t\t\t<h3 class=\"elementor-heading-title elementor-size-default\">President and CEO of Rhino Equipment\u00ae<\/h3>\t\t\t\t<\/div>\n\t\t\t\t<\/div>\n\t\t\t\t<div class=\"elementor-element elementor-element-66ddfd1 elementor-widget-tablet__width-initial elementor-widget elementor-widget-text-editor\" data-id=\"66ddfd1\" data-element_type=\"widget\" data-e-type=\"widget\" data-widget_type=\"text-editor.default\">\n\t\t\t\t<div class=\"elementor-widget-container\">\n\t\t\t\t\t\t\t\t\t<p>Javier C\u00e1rdenas \u00e9 o Presidente e Diretor Executivo da\u00a0 <a href=\"https:\/\/rhinoequipment.us\/pt\/\">Rhino Equipment<em>\u00ae<\/em><\/a>membro do Conselho de Administra\u00e7\u00e3o da carteira de empresas; investidor em fase inicial e arquiteto dos produtos do Grupo nos Estados Unidos e no mercado mundial.<\/p><h6><strong>Lideran\u00e7a em pol\u00edtica econ\u00f3mica e redes empresariais<\/strong><\/h6><p>Additionally Javier is responsible for Rhino<em>\u00ae<\/em>&#8216;s North American and global operations, including sales, marketing and construction, mining, government and strategic group support around the world. His task is to meet the increasingly demanding market needs and to grow the company. Thanks to the strategic plan the company has positioned itself in more than 80 countries.<\/p><p>Additionally, Javier is in charge of production at Rhino Equipment<em>\u00ae<\/em>&#8216;s headquarters in North America, where the company distributes and manages the whole array of heavy equipment. Javier has broad knowledge of the heavy machinery industry, and has an impressive track record of over 26 years of experience in this sector. Thus, he is well positioned as a forward-thinking and dynamic entrepreneur that continually seeks the advancement of Rhino Equipment<em>\u00ae<\/em>.<\/p><p>A carreira empresarial de Javier levou-o a tornar-se membro e participante de numerosas conven\u00e7\u00f5es mundiais. Estas s\u00e3o compostas por l\u00edderes empresariais e congressistas que trabalham para a liberdade e prosperidade da regi\u00e3o. Basicamente, gerando neg\u00f3cios na Am\u00e9rica do Norte, Central, do Sul e noutros territ\u00f3rios. Contribuindo, assim, para o crescimento econ\u00f3mico do continente e tendo um impacto social positivo.<\/p><h6><strong>Envolvimento global e defesa das empresas<\/strong><\/h6><p>Foi membro do <a href=\"https:\/\/www.uschamber.com\/\">US Chamber of Commerce<\/a> \u00a0for the benefit of AACCLA in Washington, DC; he has attended the White House&#8217;s Export Trade Agenda and presented the Trans-Pacific Partnership agreement (TPP) to the Association of American Chambers of Commerce in Latin America and the Caribbean (AACCLA) with his conference &#8220;<em>Perspectivas para as Am\u00e9ricas<\/em>.&#8221; As a business leader, he also attended a convention in the USA, that included the the Governor of Florida, and supported North American leaders and companies, promoted growth and job generation. In this light, Rhino<em>\u00ae<\/em> is a pioneer that increases exports to Latin America for urban development, public highway concessions, river systems and responsible mining, among others.<\/p><p>Javier \u00e9 membro do Conselho Consultivo do Adam Smith Center for Economic Freedom-FIU, apoiando assim a vis\u00e3o da intersec\u00e7\u00e3o entre a pol\u00edtica governamental e os mercados livres. Trata-se de um grupo de reflex\u00e3o independente, apartid\u00e1rio e de n\u00edvel mundial, cujo objetivo \u00e9 informar, influenciar e inspirar os l\u00edderes actuais e futuros a desenvolver e aplicar pol\u00edticas inovadoras, significativas e eficazes que promovam a liberdade individual e a prosperidade humana.<\/p><p>\u00c9 tamb\u00e9m membro ativo do Conselho de Administra\u00e7\u00e3o do Consejo Empresarial Alianza por Iberoam\u00e9rica (CEAPI, <em>Acr\u00f3nimo espanhol<\/em>). \u00c9 um conselho empresarial composto por 225 CEOs das maiores empresas ibero-americanas, empenhado em fortalecer as redes e o espa\u00e7o empresarial. A sua voca\u00e7\u00e3o \u00e9 contribuir e promover rela\u00e7\u00f5es de confian\u00e7a entre empres\u00e1rios para o crescimento e fortalecimento do tecido empresarial ibero-americano.<\/p><p>Javier participou ativamente na Iniciativa Democr\u00e1tica de Espanha e das Am\u00e9ricas (IDEA, <em>Acr\u00f3nimo espanhol<\/em>). Trata-se de um f\u00f3rum internacional n\u00e3o governamental composto por antigos Chefes de Estado da Am\u00e9rica Latina. Participou nos VII Di\u00e1logos Presidenciais, que analisaram os principais acontecimentos a n\u00edvel mundial e hemisf\u00e9rico. Abrange a sociedade civil e a opini\u00e3o p\u00fablica internacional; observa e estuda os processos e as experi\u00eancias democr\u00e1ticas ibero-americanas; reflecte sobre as formas e os meios de instalar a democracia onde ela n\u00e3o existe ou de a reconstituir onde se deteriorou; promove tamb\u00e9m a defesa e o respeito dos governos que a defendem.<\/p><h6>Debater os desafios globais e a recupera\u00e7\u00e3o econ\u00f3mica<\/h6><p>The CEO of Rhino Equipment<em>\u00ae<\/em>, Javier C\u00e1rdenas, together with several business leaders were invited to Miami Dade College&#8217;s great event, where it hosted Former Presidents and discussed the multiple problems that countries of the hemisphere face, like post-pandemic scenarios and conflicts that have, potentially, a global scale. However, it emphasized the relevance and importance of the business sector in terms of job creation and its fundamental role for economic recovery after the global health emergency.<\/p>\t\t\t\t\t\t\t\t<\/div>\n\t\t\t\t<\/div>\n\t\t\t\t\t<\/div>\n\t\t<\/div>\n\t\t\t\t\t<\/div>\n\t\t<\/section>\n\t\t\t\t<section class=\"elementor-section elementor-top-section elementor-element elementor-element-fd9560c elementor-section-boxed elementor-section-height-default elementor-section-height-default\" data-id=\"fd9560c\" data-element_type=\"section\" data-e-type=\"section\" data-settings=\"{&quot;background_background&quot;:&quot;classic&quot;}\">\n\t\t\t\t\t\t<div class=\"elementor-container elementor-column-gap-default\">\n\t\t\t\t\t<div class=\"elementor-column elementor-col-100 elementor-top-column elementor-element elementor-element-eda34a2\" data-id=\"eda34a2\" data-element_type=\"column\" data-e-type=\"column\">\n\t\t\t<div class=\"elementor-widget-wrap elementor-element-populated\">\n\t\t\t\t\t\t<div class=\"elementor-element elementor-element-5e1ec09 elementor-widget elementor-widget-spacer\" data-id=\"5e1ec09\" data-element_type=\"widget\" data-e-type=\"widget\" data-widget_type=\"spacer.default\">\n\t\t\t\t<div class=\"elementor-widget-container\">\n\t\t\t\t\t\t\t<div class=\"elementor-spacer\">\n\t\t\t<div class=\"elementor-spacer-inner\"><\/div>\n\t\t<\/div>\n\t\t\t\t\t\t<\/div>\n\t\t\t\t<\/div>\n\t\t\t\t\t<\/div>\n\t\t<\/div>\n\t\t\t\t\t<\/div>\n\t\t<\/section>\n\t\t\t\t<\/div>","protected":false},"excerpt":{"rendered":"<p>Javier C\u00e1rdenas President and CEO of Rhino Equipment\u00ae Javier C\u00e1rdenas is the President and CEO of\u00a0 Rhino Equipment\u00ae; part of the group&#8217;s co-founders; member of the Board of Directors of the Portfolio of Companies; early stage investor and architect of the Group products in the United States and Global market. Leadership in Economic Policy and [&hellip;]<\/p>\n","protected":false},"author":1,"featured_media":0,"parent":0,"menu_order":0,"comment_status":"closed","ping_status":"closed","template":"","meta":{"site-sidebar-layout":"no-sidebar","site-content-layout":"page-builder","ast-site-content-layout":"full-width-container","site-content-style":"unboxed","site-sidebar-style":"unboxed","ast-global-header-display":"","ast-banner-title-visibility":"","ast-main-header-display":"","ast-hfb-above-header-display":"","ast-hfb-below-header-display":"","ast-hfb-mobile-header-display":"","site-post-title":"disabled","ast-breadcrumbs-content":"","ast-featured-img":"disabled","footer-sml-layout":"","ast-disable-related-posts":"","theme-transparent-header-meta":"default","adv-header-id-meta":"","stick-header-meta":"","header-above-stick-meta":"","header-main-stick-meta":"","header-below-stick-meta":"","astra-migrate-meta-layouts":"set","ast-page-background-enabled":"default","ast-page-background-meta":{"desktop":{"background-color":"var(--ast-global-color-4)","background-image":"","background-repeat":"repeat","background-position":"center center","background-size":"auto","background-attachment":"scroll","background-type":"","background-media":"","overlay-type":"","overlay-color":"","overlay-opacity":"","overlay-gradient":""},"tablet":{"background-color":"","background-image":"","background-repeat":"repeat","background-position":"center center","background-size":"auto","background-attachment":"scroll","background-type":"","background-media":"","overlay-type":"","overlay-color":"","overlay-opacity":"","overlay-gradient":""},"mobile":{"background-color":"","background-image":"","background-repeat":"repeat","background-position":"center center","background-size":"auto","background-attachment":"scroll","background-type":"","background-media":"","overlay-type":"","overlay-color":"","overlay-opacity":"","overlay-gradient":""}},"ast-content-background-meta":{"desktop":{"background-color":"var(--ast-global-color-5)","background-image":"","background-repeat":"repeat","background-position":"center center","background-size":"auto","background-attachment":"scroll","background-type":"","background-media":"","overlay-type":"","overlay-color":"","overlay-opacity":"","overlay-gradient":""},"tablet":{"background-color":"var(--ast-global-color-5)","background-image":"","background-repeat":"repeat","background-position":"center center","background-size":"auto","background-attachment":"scroll","background-type":"","background-media":"","overlay-type":"","overlay-color":"","overlay-opacity":"","overlay-gradient":""},"mobile":{"background-color":"var(--ast-global-color-5)","background-image":"","background-repeat":"repeat","background-position":"center center","background-size":"auto","background-attachment":"scroll","background-type":"","background-media":"","overlay-type":"","overlay-color":"","overlay-opacity":"","overlay-gradient":""}},"footnotes":""},"class_list":["post-23597","page","type-page","status-publish","hentry"],"yoast_head":"<!-- This site is optimized with the Yoast SEO plugin v27.5 - https:\/\/yoast.com\/product\/yoast-seo-wordpress\/ -->\n<title>Javier C\u00e1rdenas - Rhino Equipment<\/title>\n<meta name=\"description\" content=\"Javier C\u00e1rdenas serves as the President and CEO of Rhino Equipment, guiding the company with a focus on growth and innovation. His leadership\" \/>\n<meta name=\"robots\" content=\"index, follow, max-snippet:-1, max-image-preview:large, max-video-preview:-1\" \/>\n<link rel=\"canonical\" href=\"https:\/\/rhinoequipment.us\/pt\/javier-cardenas\/\" \/>\n<script type=\"application\/ld+json\" class=\"yoast-schema-graph\">{\"@context\":\"https:\\\/\\\/schema.org\",\"@graph\":[{\"@type\":\"WebPage\",\"@id\":\"https:\\\/\\\/rhinoequipment.us\\\/javier-cardenas\\\/\",\"url\":\"https:\\\/\\\/rhinoequipment.us\\\/javier-cardenas\\\/\",\"name\":\"Javier C\u00e1rdenas - Rhino Equipment\",\"isPartOf\":{\"@id\":\"https:\\\/\\\/rhinoequipment.us\\\/#website\"},\"primaryImageOfPage\":{\"@id\":\"https:\\\/\\\/rhinoequipment.us\\\/javier-cardenas\\\/#primaryimage\"},\"image\":{\"@id\":\"https:\\\/\\\/rhinoequipment.us\\\/javier-cardenas\\\/#primaryimage\"},\"thumbnailUrl\":\"https:\\\/\\\/rhinoequipment.us\\\/wp-content\\\/uploads\\\/2025\\\/04\\\/Javier_01-e1746461387122.jpg\",\"datePublished\":\"2024-12-18T15:26:27+00:00\",\"dateModified\":\"2025-06-05T19:53:28+00:00\",\"description\":\"Javier C\u00e1rdenas serves as the President and CEO of Rhino Equipment, guiding the company with a focus on growth and innovation. His leadership\",\"breadcrumb\":{\"@id\":\"https:\\\/\\\/rhinoequipment.us\\\/javier-cardenas\\\/#breadcrumb\"},\"inLanguage\":\"pt-PT\",\"potentialAction\":[{\"@type\":\"ReadAction\",\"target\":[\"https:\\\/\\\/rhinoequipment.us\\\/javier-cardenas\\\/\"]}]},{\"@type\":\"ImageObject\",\"inLanguage\":\"pt-PT\",\"@id\":\"https:\\\/\\\/rhinoequipment.us\\\/javier-cardenas\\\/#primaryimage\",\"url\":\"https:\\\/\\\/rhinoequipment.us\\\/wp-content\\\/uploads\\\/2025\\\/04\\\/Javier_01-e1746461387122.jpg\",\"contentUrl\":\"https:\\\/\\\/rhinoequipment.us\\\/wp-content\\\/uploads\\\/2025\\\/04\\\/Javier_01-e1746461387122.jpg\"},{\"@type\":\"BreadcrumbList\",\"@id\":\"https:\\\/\\\/rhinoequipment.us\\\/javier-cardenas\\\/#breadcrumb\",\"itemListElement\":[{\"@type\":\"ListItem\",\"position\":1,\"name\":\"Home\",\"item\":\"https:\\\/\\\/rhinoequipment.us\\\/\"},{\"@type\":\"ListItem\",\"position\":2,\"name\":\"Javier C\u00e1rdenas\"}]},{\"@type\":\"WebSite\",\"@id\":\"https:\\\/\\\/rhinoequipment.us\\\/#website\",\"url\":\"https:\\\/\\\/rhinoequipment.us\\\/\",\"name\":\"Rhino Equipment\",\"description\":\"Full Line of Construction Equipment\",\"publisher\":{\"@id\":\"https:\\\/\\\/rhinoequipment.us\\\/#organization\"},\"alternateName\":\"Rhino Equipment\",\"potentialAction\":[{\"@type\":\"SearchAction\",\"target\":{\"@type\":\"EntryPoint\",\"urlTemplate\":\"https:\\\/\\\/rhinoequipment.us\\\/?s={search_term_string}\"},\"query-input\":{\"@type\":\"PropertyValueSpecification\",\"valueRequired\":true,\"valueName\":\"search_term_string\"}}],\"inLanguage\":\"pt-PT\"},{\"@type\":\"Organization\",\"@id\":\"https:\\\/\\\/rhinoequipment.us\\\/#organization\",\"name\":\"Rhino Equipment\",\"url\":\"https:\\\/\\\/rhinoequipment.us\\\/\",\"logo\":{\"@type\":\"ImageObject\",\"inLanguage\":\"pt-PT\",\"@id\":\"https:\\\/\\\/rhinoequipment.us\\\/#\\\/schema\\\/logo\\\/image\\\/\",\"url\":\"https:\\\/\\\/rhinoequipment.us\\\/wp-content\\\/uploads\\\/2022\\\/06\\\/Rhino_equipment.jpg\",\"contentUrl\":\"https:\\\/\\\/rhinoequipment.us\\\/wp-content\\\/uploads\\\/2022\\\/06\\\/Rhino_equipment.jpg\",\"width\":106,\"height\":72,\"caption\":\"Rhino Equipment\"},\"image\":{\"@id\":\"https:\\\/\\\/rhinoequipment.us\\\/#\\\/schema\\\/logo\\\/image\\\/\"},\"sameAs\":[\"https:\\\/\\\/www.facebook.com\\\/RhinoEqUsa\\\/\",\"https:\\\/\\\/x.com\\\/Rhino_Eq\",\"https:\\\/\\\/www.instagram.com\\\/rhinoeq_usa\\\/\",\"https:\\\/\\\/www.youtube.com\\\/user\\\/rhinoeq\"]}]}<\/script>\n<!-- \/ Yoast SEO plugin. -->","yoast_head_json":{"title":"Javier C\u00e1rdenas - Rhino Equipment","description":"Javier C\u00e1rdenas serves as the President and CEO of Rhino Equipment, guiding the company with a focus on growth and innovation. His leadership","robots":{"index":"index","follow":"follow","max-snippet":"max-snippet:-1","max-image-preview":"max-image-preview:large","max-video-preview":"max-video-preview:-1"},"canonical":"https:\/\/rhinoequipment.us\/pt\/javier-cardenas\/","schema":{"@context":"https:\/\/schema.org","@graph":[{"@type":"WebPage","@id":"https:\/\/rhinoequipment.us\/javier-cardenas\/","url":"https:\/\/rhinoequipment.us\/javier-cardenas\/","name":"Javier C\u00e1rdenas - Rhino Equipment","isPartOf":{"@id":"https:\/\/rhinoequipment.us\/#website"},"primaryImageOfPage":{"@id":"https:\/\/rhinoequipment.us\/javier-cardenas\/#primaryimage"},"image":{"@id":"https:\/\/rhinoequipment.us\/javier-cardenas\/#primaryimage"},"thumbnailUrl":"https:\/\/rhinoequipment.us\/wp-content\/uploads\/2025\/04\/Javier_01-e1746461387122.jpg","datePublished":"2024-12-18T15:26:27+00:00","dateModified":"2025-06-05T19:53:28+00:00","description":"Javier C\u00e1rdenas serves as the President and CEO of Rhino Equipment, guiding the company with a focus on growth and innovation. His leadership","breadcrumb":{"@id":"https:\/\/rhinoequipment.us\/javier-cardenas\/#breadcrumb"},"inLanguage":"pt-PT","potentialAction":[{"@type":"ReadAction","target":["https:\/\/rhinoequipment.us\/javier-cardenas\/"]}]},{"@type":"ImageObject","inLanguage":"pt-PT","@id":"https:\/\/rhinoequipment.us\/javier-cardenas\/#primaryimage","url":"https:\/\/rhinoequipment.us\/wp-content\/uploads\/2025\/04\/Javier_01-e1746461387122.jpg","contentUrl":"https:\/\/rhinoequipment.us\/wp-content\/uploads\/2025\/04\/Javier_01-e1746461387122.jpg"},{"@type":"BreadcrumbList","@id":"https:\/\/rhinoequipment.us\/javier-cardenas\/#breadcrumb","itemListElement":[{"@type":"ListItem","position":1,"name":"Home","item":"https:\/\/rhinoequipment.us\/"},{"@type":"ListItem","position":2,"name":"Javier C\u00e1rdenas"}]},{"@type":"WebSite","@id":"https:\/\/rhinoequipment.us\/#website","url":"https:\/\/rhinoequipment.us\/","name":"Rhino Equipment","description":"Full Line of Construction Equipment","publisher":{"@id":"https:\/\/rhinoequipment.us\/#organization"},"alternateName":"Rhino Equipment","potentialAction":[{"@type":"SearchAction","target":{"@type":"EntryPoint","urlTemplate":"https:\/\/rhinoequipment.us\/?s={search_term_string}"},"query-input":{"@type":"PropertyValueSpecification","valueRequired":true,"valueName":"search_term_string"}}],"inLanguage":"pt-PT"},{"@type":"Organization","@id":"https:\/\/rhinoequipment.us\/#organization","name":"Rhino Equipment","url":"https:\/\/rhinoequipment.us\/","logo":{"@type":"ImageObject","inLanguage":"pt-PT","@id":"https:\/\/rhinoequipment.us\/#\/schema\/logo\/image\/","url":"https:\/\/rhinoequipment.us\/wp-content\/uploads\/2022\/06\/Rhino_equipment.jpg","contentUrl":"https:\/\/rhinoequipment.us\/wp-content\/uploads\/2022\/06\/Rhino_equipment.jpg","width":106,"height":72,"caption":"Rhino Equipment"},"image":{"@id":"https:\/\/rhinoequipment.us\/#\/schema\/logo\/image\/"},"sameAs":["https:\/\/www.facebook.com\/RhinoEqUsa\/","https:\/\/x.com\/Rhino_Eq","https:\/\/www.instagram.com\/rhinoeq_usa\/","https:\/\/www.youtube.com\/user\/rhinoeq"]}]}},"_links":{"self":[{"href":"https:\/\/rhinoequipment.us\/pt\/wp-json\/wp\/v2\/pages\/23597","targetHints":{"allow":["GET"]}}],"collection":[{"href":"https:\/\/rhinoequipment.us\/pt\/wp-json\/wp\/v2\/pages"}],"about":[{"href":"https:\/\/rhinoequipment.us\/pt\/wp-json\/wp\/v2\/types\/page"}],"author":[{"embeddable":true,"href":"https:\/\/rhinoequipment.us\/pt\/wp-json\/wp\/v2\/users\/1"}],"replies":[{"embeddable":true,"href":"https:\/\/rhinoequipment.us\/pt\/wp-json\/wp\/v2\/comments?post=23597"}],"version-history":[{"count":5,"href":"https:\/\/rhinoequipment.us\/pt\/wp-json\/wp\/v2\/pages\/23597\/revisions"}],"predecessor-version":[{"id":25560,"href":"https:\/\/rhinoequipment.us\/pt\/wp-json\/wp\/v2\/pages\/23597\/revisions\/25560"}],"wp:attachment":[{"href":"https:\/\/rhinoequipment.us\/pt\/wp-json\/wp\/v2\/media?parent=23597"}],"curies":[{"name":"wp","href":"https:\/\/api.w.org\/{rel}","templated":true}]}}