{"id":23597,"date":"2024-12-18T15:26:27","date_gmt":"2024-12-18T15:26:27","guid":{"rendered":"https:\/\/rhinoequipment.us\/?page_id=23597"},"modified":"2025-06-05T19:53:28","modified_gmt":"2025-06-05T19:53:28","slug":"javier-cardenas","status":"publish","type":"page","link":"https:\/\/rhinoequipment.us\/es\/javier-cardenas\/","title":{"rendered":"Javier C\u00e1rdenas"},"content":{"rendered":"<div data-elementor-type=\"wp-page\" data-elementor-id=\"23597\" class=\"elementor elementor-23597\" data-elementor-post-type=\"page\">\n\t\t\t\t\t\t<section class=\"elementor-section elementor-top-section elementor-element elementor-element-4ca43bd elementor-section-boxed elementor-section-height-default elementor-section-height-default\" data-id=\"4ca43bd\" data-element_type=\"section\" data-e-type=\"section\" data-settings=\"{&quot;background_background&quot;:&quot;classic&quot;}\">\n\t\t\t\t\t\t<div class=\"elementor-container elementor-column-gap-default\">\n\t\t\t\t\t<div class=\"elementor-column elementor-col-100 elementor-top-column elementor-element elementor-element-6887a91\" data-id=\"6887a91\" data-element_type=\"column\" data-e-type=\"column\">\n\t\t\t<div class=\"elementor-widget-wrap elementor-element-populated\">\n\t\t\t\t\t\t<div class=\"elementor-element elementor-element-84aace0 elementor-widget elementor-widget-spacer\" data-id=\"84aace0\" data-element_type=\"widget\" data-e-type=\"widget\" data-widget_type=\"spacer.default\">\n\t\t\t\t<div class=\"elementor-widget-container\">\n\t\t\t\t\t\t\t<div class=\"elementor-spacer\">\n\t\t\t<div class=\"elementor-spacer-inner\"><\/div>\n\t\t<\/div>\n\t\t\t\t\t\t<\/div>\n\t\t\t\t<\/div>\n\t\t\t\t\t<\/div>\n\t\t<\/div>\n\t\t\t\t\t<\/div>\n\t\t<\/section>\n\t\t\t\t<section class=\"elementor-section elementor-top-section elementor-element elementor-element-dbfb2f9 elementor-section-boxed elementor-section-height-default elementor-section-height-default\" data-id=\"dbfb2f9\" data-element_type=\"section\" data-e-type=\"section\" data-settings=\"{&quot;background_background&quot;:&quot;classic&quot;}\">\n\t\t\t\t\t\t<div class=\"elementor-container elementor-column-gap-default\">\n\t\t\t\t\t<div class=\"elementor-column elementor-col-100 elementor-top-column elementor-element elementor-element-87d7685\" data-id=\"87d7685\" data-element_type=\"column\" data-e-type=\"column\" data-settings=\"{&quot;background_background&quot;:&quot;classic&quot;}\">\n\t\t\t<div class=\"elementor-widget-wrap elementor-element-populated\">\n\t\t\t\t\t\t<div class=\"elementor-element elementor-element-2030a1d elementor-widget elementor-widget-image\" data-id=\"2030a1d\" data-element_type=\"widget\" data-e-type=\"widget\" data-widget_type=\"image.default\">\n\t\t\t\t<div class=\"elementor-widget-container\">\n\t\t\t\t\t\t\t\t\t\t\t\t\t\t\t<img fetchpriority=\"high\" decoding=\"async\" width=\"2000\" height=\"723\" src=\"https:\/\/rhinoequipment.us\/wp-content\/uploads\/2025\/04\/Javier_01-e1746461387122.jpg\" class=\"attachment-full size-full wp-image-25479\" alt=\"\" srcset=\"https:\/\/rhinoequipment.us\/wp-content\/uploads\/2025\/04\/Javier_01-e1746461387122.jpg 2000w, https:\/\/rhinoequipment.us\/wp-content\/uploads\/2025\/04\/Javier_01-e1746461387122-300x108.jpg 300w, https:\/\/rhinoequipment.us\/wp-content\/uploads\/2025\/04\/Javier_01-e1746461387122-1024x370.jpg 1024w, https:\/\/rhinoequipment.us\/wp-content\/uploads\/2025\/04\/Javier_01-e1746461387122-768x278.jpg 768w, https:\/\/rhinoequipment.us\/wp-content\/uploads\/2025\/04\/Javier_01-e1746461387122-1536x555.jpg 1536w, https:\/\/rhinoequipment.us\/wp-content\/uploads\/2025\/04\/Javier_01-e1746461387122-18x7.jpg 18w\" sizes=\"(max-width: 2000px) 100vw, 2000px\" \/>\t\t\t\t\t\t\t\t\t\t\t\t\t\t\t<\/div>\n\t\t\t\t<\/div>\n\t\t\t\t\t<\/div>\n\t\t<\/div>\n\t\t\t\t\t<\/div>\n\t\t<\/section>\n\t\t\t\t<section class=\"elementor-section elementor-top-section elementor-element elementor-element-6e4a902 elementor-section-boxed elementor-section-height-default elementor-section-height-default\" data-id=\"6e4a902\" data-element_type=\"section\" data-e-type=\"section\" data-settings=\"{&quot;background_background&quot;:&quot;classic&quot;}\">\n\t\t\t\t\t\t<div class=\"elementor-container elementor-column-gap-default\">\n\t\t\t\t\t<div class=\"elementor-column elementor-col-100 elementor-top-column elementor-element elementor-element-2deb00b\" data-id=\"2deb00b\" data-element_type=\"column\" data-e-type=\"column\" data-settings=\"{&quot;background_background&quot;:&quot;classic&quot;}\">\n\t\t\t<div class=\"elementor-widget-wrap elementor-element-populated\">\n\t\t\t\t\t\t<div class=\"elementor-element elementor-element-9a728fb elementor-widget elementor-widget-heading\" data-id=\"9a728fb\" data-element_type=\"widget\" data-e-type=\"widget\" data-widget_type=\"heading.default\">\n\t\t\t\t<div class=\"elementor-widget-container\">\n\t\t\t\t\t<h2 class=\"elementor-heading-title elementor-size-default\">Javier C\u00e1rdenas<\/h2>\t\t\t\t<\/div>\n\t\t\t\t<\/div>\n\t\t\t\t<div class=\"elementor-element elementor-element-0afa777 elementor-widget elementor-widget-heading\" data-id=\"0afa777\" data-element_type=\"widget\" data-e-type=\"widget\" data-widget_type=\"heading.default\">\n\t\t\t\t<div class=\"elementor-widget-container\">\n\t\t\t\t\t<h3 class=\"elementor-heading-title elementor-size-default\">Presidente y Director Ejecutivo de Rhino Equipment\u00ae<\/h3>\t\t\t\t<\/div>\n\t\t\t\t<\/div>\n\t\t\t\t<div class=\"elementor-element elementor-element-66ddfd1 elementor-widget-tablet__width-initial elementor-widget elementor-widget-text-editor\" data-id=\"66ddfd1\" data-element_type=\"widget\" data-e-type=\"widget\" data-widget_type=\"text-editor.default\">\n\t\t\t\t<div class=\"elementor-widget-container\">\n\t\t\t\t\t\t\t\t\t<p>Javier C\u00e1rdenas es Presidente y Director General de\u00a0 <a href=\"https:\/\/rhinoequipment.us\/es\/\">Rhino Equipment<em>\u00ae<\/em><\/a>parte de los cofundadores del grupo; miembro del Consejo de Administraci\u00f3n de la cartera de empresas; inversor en fases iniciales y art\u00edfice de los productos del grupo en Estados Unidos y el mercado mundial.<\/p><h6><strong>Liderazgo en Pol\u00edtica Econ\u00f3mica y Redes Empresariales<\/strong><\/h6><p>Adem\u00e1s, Javier es responsable de las operaciones de Rhino<em>\u00ae<\/em>en Norteam\u00e9rica y a nivel mundial, incluyendo ventas, mercadotecnia y construcci\u00f3n, miner\u00eda, gobierno y apoyo a grupos estrat\u00e9gicos en todo el mundo. Su tarea consiste en satisfacer las necesidades cada vez m\u00e1s exigentes del mercado y hacer crecer la empresa. Gracias al plan estrat\u00e9gico, la empresa se ha posicionado en m\u00e1s de 80 pa\u00edses.<\/p><p>Adem\u00e1s, Javier est\u00e1 a cargo de la producci\u00f3n en la sede central de Rhino Equipment<em>\u00ae<\/em>en Norteam\u00e9rica, donde la empresa distribuye y gestiona toda la gama de maquinaria pesada. Javier tiene un amplio conocimiento de la industria de la maquinaria pesada y cuenta con una impresionante trayectoria de m\u00e1s de 26 a\u00f1os de experiencia en este sector. Por lo tanto, est\u00e1 bien posicionado como un emprendedor din\u00e1mico y con visi\u00f3n de futuro que busca continuamente el avance de Rhino Equipment.<em>\u00ae<\/em>.<\/p><p>A lo largo de su carrera empresarial Cardenas es actualmente miembro y ha participa en numerosas convenciones mundiales con grupo de l\u00edderes empresariales y congresistas de la libertad y prosperidad de la regi\u00f3n en la generaci\u00f3n de negocios en el Norte, Centro, Sudam\u00e9rica y otros territorios; contribuyendo as\u00ed al crecimiento econ\u00f3mico del continente y generando un positivo impacto social en su entorno.<\/p><h6><strong>Compromiso Mundial y Promoci\u00f3n Empresarial<\/strong><\/h6><p>Ha sido miembro de la <a href=\"https:\/\/www.uschamber.com\/\">US Chamber of Commerce<\/a> \u00a0en beneficio de la AACCLA en Washington, D.C.; ha asistido a la Agenda Comercial de Exportaci\u00f3n de la Casa Blanca y ha presentado el acuerdo de Asociaci\u00f3n Transpac\u00edfico (TPP) a la Asociaci\u00f3n de C\u00e1maras de Comercio Americanas en Am\u00e9rica Latina y el Caribe (AACCLA) con su conferencia \"<em>Perspectivas para Am\u00e9rica<\/em>.\" Como l\u00edder empresarial, tambi\u00e9n asisti\u00f3 a una convenci\u00f3n en Estados Unidos, en la que particip\u00f3 el gobernador de Florida, y apoy\u00f3 a los l\u00edderes y empresas norteamericanos, promoviendo el crecimiento y la generaci\u00f3n de empleo. En este sentido, Rhino<em>\u00ae<\/em> es pionera en el aumento de las exportaciones a Am\u00e9rica Latina para el desarrollo urbano, las concesiones de autopistas p\u00fablicas, los sistemas fluviales y la miner\u00eda responsable, entre otros.<\/p><p>C\u00e1rdenas es miembro de la junta directiva de asesores del Centro Adam Smith para la Libertad Econ\u00f3mica-FIU, apoyando la vision en la intersecci\u00f3n de la pol\u00edtica gubernamental y el libre mercado, que servir\u00e1 como un grupo de expertos independiente, no partidista y de clase mundial que tiene como objetivo informar, influir e inspirar a los l\u00edderes actuales y futuros para desarrollar e implementar pol\u00edticas innovadoras, significativas y efectivas para promover la libertad individual y la prosperidad humana.<\/p><p>Tambi\u00e9n es miembro activo de la Junta Directiva del Consejo Internacional CEAPI en Espa\u00f1a; (CEAPI) <em>Acr\u00f3nimo espa\u00f1ol,<\/em>es un consejo empresarial formado por 225 presidentes de las mayores empresas iberoamericanas que apuestan por fortalecer la red de relaciones y el espacio empresarial y su vocaci\u00f3n es de contribuir y promover relaciones de confianza entre los empresarios para hacer crecer y fortalecer el tejido empresarial iberoamericano.<\/p><p>Cardenas particip\u00f3 activamente en el grupo IDEA (Iniciativa Democr\u00e1tica de Espa\u00f1a y las Am\u00e9ricas), <em>Acr\u00f3nimo espa\u00f1ol,<\/em>es un foro internacional no gubernamental integrado por ex Jefes de Estado, de  Gobierno y Am\u00e9rica Latina en el VII Di\u00e1logo Presidencial, para analizar los principales acontecimientos hemisf\u00e9ricos y mundiales ; desde la sociedad civil y en sede de la opini\u00f3n p\u00fablica internacional; observa ,estudia los procesos y experiencias democr\u00e1ticos iberoamericanos; reflexiona sobre las v\u00edas y medios que permitan la instalaci\u00f3n de la democracia all\u00ed donde no existe o su reconstituci\u00f3n donde se ha deteriorado, y favorecer su defensa y respeto por los gobiernos donde se encuentra radicada.<\/p><h6>Retos mundiales y recuperaci\u00f3n econ\u00f3mica<\/h6><p>El Director Ejecutivo de Rhino Equipment<em>\u00ae<\/em>, Javier C\u00e1rdenas, junto con varios l\u00edderes empresariales, fue invitado al gran evento del Miami Dade College, donde se reunieron expresidentes y se discutieron los m\u00faltiples problemas a los que se enfrentan los pa\u00edses del hemisferio, como los escenarios pospand\u00e9micos y los conflictos que pueden alcanzar una escala global. Sin embargo, se hizo hincapi\u00e9 en la relevancia y la importancia del sector empresarial en t\u00e9rminos de creaci\u00f3n de empleo y su papel fundamental para la recuperaci\u00f3n econ\u00f3mica tras la emergencia sanitaria mundial.<\/p>\t\t\t\t\t\t\t\t<\/div>\n\t\t\t\t<\/div>\n\t\t\t\t\t<\/div>\n\t\t<\/div>\n\t\t\t\t\t<\/div>\n\t\t<\/section>\n\t\t\t\t<section class=\"elementor-section elementor-top-section elementor-element elementor-element-fd9560c elementor-section-boxed elementor-section-height-default elementor-section-height-default\" data-id=\"fd9560c\" data-element_type=\"section\" data-e-type=\"section\" data-settings=\"{&quot;background_background&quot;:&quot;classic&quot;}\">\n\t\t\t\t\t\t<div class=\"elementor-container elementor-column-gap-default\">\n\t\t\t\t\t<div class=\"elementor-column elementor-col-100 elementor-top-column elementor-element elementor-element-eda34a2\" data-id=\"eda34a2\" data-element_type=\"column\" data-e-type=\"column\">\n\t\t\t<div class=\"elementor-widget-wrap elementor-element-populated\">\n\t\t\t\t\t\t<div class=\"elementor-element elementor-element-5e1ec09 elementor-widget elementor-widget-spacer\" data-id=\"5e1ec09\" data-element_type=\"widget\" data-e-type=\"widget\" data-widget_type=\"spacer.default\">\n\t\t\t\t<div class=\"elementor-widget-container\">\n\t\t\t\t\t\t\t<div class=\"elementor-spacer\">\n\t\t\t<div class=\"elementor-spacer-inner\"><\/div>\n\t\t<\/div>\n\t\t\t\t\t\t<\/div>\n\t\t\t\t<\/div>\n\t\t\t\t\t<\/div>\n\t\t<\/div>\n\t\t\t\t\t<\/div>\n\t\t<\/section>\n\t\t\t\t<\/div>","protected":false},"excerpt":{"rendered":"<p>Javier C\u00e1rdenas President and CEO of Rhino Equipment\u00ae Javier C\u00e1rdenas is the President and CEO of\u00a0 Rhino Equipment\u00ae; part of the group&#8217;s co-founders; member of the Board of Directors of the Portfolio of Companies; early stage investor and architect of the Group products in the United States and Global market. Leadership in Economic Policy and [&hellip;]<\/p>\n","protected":false},"author":1,"featured_media":0,"parent":0,"menu_order":0,"comment_status":"closed","ping_status":"closed","template":"","meta":{"site-sidebar-layout":"no-sidebar","site-content-layout":"page-builder","ast-site-content-layout":"full-width-container","site-content-style":"unboxed","site-sidebar-style":"unboxed","ast-global-header-display":"","ast-banner-title-visibility":"","ast-main-header-display":"","ast-hfb-above-header-display":"","ast-hfb-below-header-display":"","ast-hfb-mobile-header-display":"","site-post-title":"disabled","ast-breadcrumbs-content":"","ast-featured-img":"disabled","footer-sml-layout":"","ast-disable-related-posts":"","theme-transparent-header-meta":"default","adv-header-id-meta":"","stick-header-meta":"","header-above-stick-meta":"","header-main-stick-meta":"","header-below-stick-meta":"","astra-migrate-meta-layouts":"set","ast-page-background-enabled":"default","ast-page-background-meta":{"desktop":{"background-color":"var(--ast-global-color-4)","background-image":"","background-repeat":"repeat","background-position":"center center","background-size":"auto","background-attachment":"scroll","background-type":"","background-media":"","overlay-type":"","overlay-color":"","overlay-opacity":"","overlay-gradient":""},"tablet":{"background-color":"","background-image":"","background-repeat":"repeat","background-position":"center center","background-size":"auto","background-attachment":"scroll","background-type":"","background-media":"","overlay-type":"","overlay-color":"","overlay-opacity":"","overlay-gradient":""},"mobile":{"background-color":"","background-image":"","background-repeat":"repeat","background-position":"center center","background-size":"auto","background-attachment":"scroll","background-type":"","background-media":"","overlay-type":"","overlay-color":"","overlay-opacity":"","overlay-gradient":""}},"ast-content-background-meta":{"desktop":{"background-color":"var(--ast-global-color-5)","background-image":"","background-repeat":"repeat","background-position":"center center","background-size":"auto","background-attachment":"scroll","background-type":"","background-media":"","overlay-type":"","overlay-color":"","overlay-opacity":"","overlay-gradient":""},"tablet":{"background-color":"var(--ast-global-color-5)","background-image":"","background-repeat":"repeat","background-position":"center center","background-size":"auto","background-attachment":"scroll","background-type":"","background-media":"","overlay-type":"","overlay-color":"","overlay-opacity":"","overlay-gradient":""},"mobile":{"background-color":"var(--ast-global-color-5)","background-image":"","background-repeat":"repeat","background-position":"center center","background-size":"auto","background-attachment":"scroll","background-type":"","background-media":"","overlay-type":"","overlay-color":"","overlay-opacity":"","overlay-gradient":""}},"footnotes":""},"class_list":["post-23597","page","type-page","status-publish","hentry"],"yoast_head":"<!-- This site is optimized with the Yoast SEO plugin v27.5 - https:\/\/yoast.com\/product\/yoast-seo-wordpress\/ -->\n<title>Javier C\u00e1rdenas - Rhino Equipment<\/title>\n<meta name=\"description\" content=\"Javier C\u00e1rdenas serves as the President and CEO of Rhino Equipment, guiding the company with a focus on growth and innovation. His leadership\" \/>\n<meta name=\"robots\" content=\"index, follow, max-snippet:-1, max-image-preview:large, max-video-preview:-1\" \/>\n<link rel=\"canonical\" href=\"https:\/\/rhinoequipment.us\/es\/javier-cardenas\/\" \/>\n<script type=\"application\/ld+json\" class=\"yoast-schema-graph\">{\"@context\":\"https:\\\/\\\/schema.org\",\"@graph\":[{\"@type\":\"WebPage\",\"@id\":\"https:\\\/\\\/rhinoequipment.us\\\/javier-cardenas\\\/\",\"url\":\"https:\\\/\\\/rhinoequipment.us\\\/javier-cardenas\\\/\",\"name\":\"Javier C\u00e1rdenas - Rhino Equipment\",\"isPartOf\":{\"@id\":\"https:\\\/\\\/rhinoequipment.us\\\/#website\"},\"primaryImageOfPage\":{\"@id\":\"https:\\\/\\\/rhinoequipment.us\\\/javier-cardenas\\\/#primaryimage\"},\"image\":{\"@id\":\"https:\\\/\\\/rhinoequipment.us\\\/javier-cardenas\\\/#primaryimage\"},\"thumbnailUrl\":\"https:\\\/\\\/rhinoequipment.us\\\/wp-content\\\/uploads\\\/2025\\\/04\\\/Javier_01-e1746461387122.jpg\",\"datePublished\":\"2024-12-18T15:26:27+00:00\",\"dateModified\":\"2025-06-05T19:53:28+00:00\",\"description\":\"Javier C\u00e1rdenas serves as the President and CEO of Rhino Equipment, guiding the company with a focus on growth and innovation. His leadership\",\"breadcrumb\":{\"@id\":\"https:\\\/\\\/rhinoequipment.us\\\/javier-cardenas\\\/#breadcrumb\"},\"inLanguage\":\"es\",\"potentialAction\":[{\"@type\":\"ReadAction\",\"target\":[\"https:\\\/\\\/rhinoequipment.us\\\/javier-cardenas\\\/\"]}]},{\"@type\":\"ImageObject\",\"inLanguage\":\"es\",\"@id\":\"https:\\\/\\\/rhinoequipment.us\\\/javier-cardenas\\\/#primaryimage\",\"url\":\"https:\\\/\\\/rhinoequipment.us\\\/wp-content\\\/uploads\\\/2025\\\/04\\\/Javier_01-e1746461387122.jpg\",\"contentUrl\":\"https:\\\/\\\/rhinoequipment.us\\\/wp-content\\\/uploads\\\/2025\\\/04\\\/Javier_01-e1746461387122.jpg\"},{\"@type\":\"BreadcrumbList\",\"@id\":\"https:\\\/\\\/rhinoequipment.us\\\/javier-cardenas\\\/#breadcrumb\",\"itemListElement\":[{\"@type\":\"ListItem\",\"position\":1,\"name\":\"Home\",\"item\":\"https:\\\/\\\/rhinoequipment.us\\\/\"},{\"@type\":\"ListItem\",\"position\":2,\"name\":\"Javier C\u00e1rdenas\"}]},{\"@type\":\"WebSite\",\"@id\":\"https:\\\/\\\/rhinoequipment.us\\\/#website\",\"url\":\"https:\\\/\\\/rhinoequipment.us\\\/\",\"name\":\"Rhino Equipment\",\"description\":\"Full Line of Construction Equipment\",\"publisher\":{\"@id\":\"https:\\\/\\\/rhinoequipment.us\\\/#organization\"},\"alternateName\":\"Rhino Equipment\",\"potentialAction\":[{\"@type\":\"SearchAction\",\"target\":{\"@type\":\"EntryPoint\",\"urlTemplate\":\"https:\\\/\\\/rhinoequipment.us\\\/?s={search_term_string}\"},\"query-input\":{\"@type\":\"PropertyValueSpecification\",\"valueRequired\":true,\"valueName\":\"search_term_string\"}}],\"inLanguage\":\"es\"},{\"@type\":\"Organization\",\"@id\":\"https:\\\/\\\/rhinoequipment.us\\\/#organization\",\"name\":\"Rhino Equipment\",\"url\":\"https:\\\/\\\/rhinoequipment.us\\\/\",\"logo\":{\"@type\":\"ImageObject\",\"inLanguage\":\"es\",\"@id\":\"https:\\\/\\\/rhinoequipment.us\\\/#\\\/schema\\\/logo\\\/image\\\/\",\"url\":\"https:\\\/\\\/rhinoequipment.us\\\/wp-content\\\/uploads\\\/2022\\\/06\\\/Rhino_equipment.jpg\",\"contentUrl\":\"https:\\\/\\\/rhinoequipment.us\\\/wp-content\\\/uploads\\\/2022\\\/06\\\/Rhino_equipment.jpg\",\"width\":106,\"height\":72,\"caption\":\"Rhino Equipment\"},\"image\":{\"@id\":\"https:\\\/\\\/rhinoequipment.us\\\/#\\\/schema\\\/logo\\\/image\\\/\"},\"sameAs\":[\"https:\\\/\\\/www.facebook.com\\\/RhinoEqUsa\\\/\",\"https:\\\/\\\/x.com\\\/Rhino_Eq\",\"https:\\\/\\\/www.instagram.com\\\/rhinoeq_usa\\\/\",\"https:\\\/\\\/www.youtube.com\\\/user\\\/rhinoeq\"]}]}<\/script>\n<!-- \/ Yoast SEO plugin. -->","yoast_head_json":{"title":"Javier C\u00e1rdenas - Rhino Equipment","description":"Javier C\u00e1rdenas serves as the President and CEO of Rhino Equipment, guiding the company with a focus on growth and innovation. His leadership","robots":{"index":"index","follow":"follow","max-snippet":"max-snippet:-1","max-image-preview":"max-image-preview:large","max-video-preview":"max-video-preview:-1"},"canonical":"https:\/\/rhinoequipment.us\/es\/javier-cardenas\/","schema":{"@context":"https:\/\/schema.org","@graph":[{"@type":"WebPage","@id":"https:\/\/rhinoequipment.us\/javier-cardenas\/","url":"https:\/\/rhinoequipment.us\/javier-cardenas\/","name":"Javier C\u00e1rdenas - Rhino Equipment","isPartOf":{"@id":"https:\/\/rhinoequipment.us\/#website"},"primaryImageOfPage":{"@id":"https:\/\/rhinoequipment.us\/javier-cardenas\/#primaryimage"},"image":{"@id":"https:\/\/rhinoequipment.us\/javier-cardenas\/#primaryimage"},"thumbnailUrl":"https:\/\/rhinoequipment.us\/wp-content\/uploads\/2025\/04\/Javier_01-e1746461387122.jpg","datePublished":"2024-12-18T15:26:27+00:00","dateModified":"2025-06-05T19:53:28+00:00","description":"Javier C\u00e1rdenas serves as the President and CEO of Rhino Equipment, guiding the company with a focus on growth and innovation. His leadership","breadcrumb":{"@id":"https:\/\/rhinoequipment.us\/javier-cardenas\/#breadcrumb"},"inLanguage":"es","potentialAction":[{"@type":"ReadAction","target":["https:\/\/rhinoequipment.us\/javier-cardenas\/"]}]},{"@type":"ImageObject","inLanguage":"es","@id":"https:\/\/rhinoequipment.us\/javier-cardenas\/#primaryimage","url":"https:\/\/rhinoequipment.us\/wp-content\/uploads\/2025\/04\/Javier_01-e1746461387122.jpg","contentUrl":"https:\/\/rhinoequipment.us\/wp-content\/uploads\/2025\/04\/Javier_01-e1746461387122.jpg"},{"@type":"BreadcrumbList","@id":"https:\/\/rhinoequipment.us\/javier-cardenas\/#breadcrumb","itemListElement":[{"@type":"ListItem","position":1,"name":"Home","item":"https:\/\/rhinoequipment.us\/"},{"@type":"ListItem","position":2,"name":"Javier C\u00e1rdenas"}]},{"@type":"WebSite","@id":"https:\/\/rhinoequipment.us\/#website","url":"https:\/\/rhinoequipment.us\/","name":"Rhino Equipment","description":"Full Line of Construction Equipment","publisher":{"@id":"https:\/\/rhinoequipment.us\/#organization"},"alternateName":"Rhino Equipment","potentialAction":[{"@type":"SearchAction","target":{"@type":"EntryPoint","urlTemplate":"https:\/\/rhinoequipment.us\/?s={search_term_string}"},"query-input":{"@type":"PropertyValueSpecification","valueRequired":true,"valueName":"search_term_string"}}],"inLanguage":"es"},{"@type":"Organization","@id":"https:\/\/rhinoequipment.us\/#organization","name":"Rhino Equipment","url":"https:\/\/rhinoequipment.us\/","logo":{"@type":"ImageObject","inLanguage":"es","@id":"https:\/\/rhinoequipment.us\/#\/schema\/logo\/image\/","url":"https:\/\/rhinoequipment.us\/wp-content\/uploads\/2022\/06\/Rhino_equipment.jpg","contentUrl":"https:\/\/rhinoequipment.us\/wp-content\/uploads\/2022\/06\/Rhino_equipment.jpg","width":106,"height":72,"caption":"Rhino Equipment"},"image":{"@id":"https:\/\/rhinoequipment.us\/#\/schema\/logo\/image\/"},"sameAs":["https:\/\/www.facebook.com\/RhinoEqUsa\/","https:\/\/x.com\/Rhino_Eq","https:\/\/www.instagram.com\/rhinoeq_usa\/","https:\/\/www.youtube.com\/user\/rhinoeq"]}]}},"_links":{"self":[{"href":"https:\/\/rhinoequipment.us\/es\/wp-json\/wp\/v2\/pages\/23597","targetHints":{"allow":["GET"]}}],"collection":[{"href":"https:\/\/rhinoequipment.us\/es\/wp-json\/wp\/v2\/pages"}],"about":[{"href":"https:\/\/rhinoequipment.us\/es\/wp-json\/wp\/v2\/types\/page"}],"author":[{"embeddable":true,"href":"https:\/\/rhinoequipment.us\/es\/wp-json\/wp\/v2\/users\/1"}],"replies":[{"embeddable":true,"href":"https:\/\/rhinoequipment.us\/es\/wp-json\/wp\/v2\/comments?post=23597"}],"version-history":[{"count":5,"href":"https:\/\/rhinoequipment.us\/es\/wp-json\/wp\/v2\/pages\/23597\/revisions"}],"predecessor-version":[{"id":25560,"href":"https:\/\/rhinoequipment.us\/es\/wp-json\/wp\/v2\/pages\/23597\/revisions\/25560"}],"wp:attachment":[{"href":"https:\/\/rhinoequipment.us\/es\/wp-json\/wp\/v2\/media?parent=23597"}],"curies":[{"name":"wp","href":"https:\/\/api.w.org\/{rel}","templated":true}]}}